{"version":"1.0","provider_name":"Europ\u00e4isches Hansemuseum","provider_url":"https:\/\/www.hansemuseum.eu\/en\/","author_name":"erik.vandermost","author_url":"https:\/\/www.hansemuseum.eu\/en\/author\/erik-vandermost\/","title":"Aufruf zum Flandernboykott - Europ\u00e4isches Hansemuseum","type":"rich","width":600,"height":338,"html":"<blockquote class=\"wp-embedded-content\" data-secret=\"7FZU4aeDFv\"><a href=\"https:\/\/www.hansemuseum.eu\/en\/records\/aufruf-zum-flandernboykott\/\">Aufruf zum Flandernboykott<\/a><\/blockquote><iframe sandbox=\"allow-scripts\" security=\"restricted\" src=\"https:\/\/www.hansemuseum.eu\/en\/records\/aufruf-zum-flandernboykott\/embed\/#?secret=7FZU4aeDFv\" width=\"600\" height=\"338\" title=\"&#8220;Aufruf zum Flandernboykott&#8221; &#8212; Europ\u00e4isches Hansemuseum\" data-secret=\"7FZU4aeDFv\" frameborder=\"0\" marginwidth=\"0\" marginheight=\"0\" scrolling=\"no\" class=\"wp-embedded-content\"><\/iframe><script type=\"text\/javascript\">\n\/* <![CDATA[ *\/\n\/*! This file is auto-generated *\/\n!function(d,l){\"use strict\";l.querySelector&&d.addEventListener&&\"undefined\"!=typeof URL&&(d.wp=d.wp||{},d.wp.receiveEmbedMessage||(d.wp.receiveEmbedMessage=function(e){var t=e.data;if((t||t.secret||t.message||t.value)&&!\/[^a-zA-Z0-9]\/.test(t.secret)){for(var s,r,n,a=l.querySelectorAll('iframe[data-secret=\"'+t.secret+'\"]'),o=l.querySelectorAll('blockquote[data-secret=\"'+t.secret+'\"]'),c=new RegExp(\"^https?:$\",\"i\"),i=0;i<o.length;i++)o[i].style.display=\"none\";for(i=0;i<a.length;i++)s=a[i],e.source===s.contentWindow&&(s.removeAttribute(\"style\"),\"height\"===t.message?(1e3<(r=parseInt(t.value,10))?r=1e3:~~r<200&&(r=200),s.height=r):\"link\"===t.message&&(r=new URL(s.getAttribute(\"src\")),n=new URL(t.value),c.test(n.protocol))&&n.host===r.host&&l.activeElement===s&&(d.top.location.href=t.value))}},d.addEventListener(\"message\",d.wp.receiveEmbedMessage,!1),l.addEventListener(\"DOMContentLoaded\",function(){for(var e,t,s=l.querySelectorAll(\"iframe.wp-embedded-content\"),r=0;r<s.length;r++)(t=(e=s[r]).getAttribute(\"data-secret\"))||(t=Math.random().toString(36).substring(2,12),e.src+=\"#?secret=\"+t,e.setAttribute(\"data-secret\",t)),e.contentWindow.postMessage({message:\"ready\",secret:t},\"*\")},!1)))}(window,document);\n\/\/# sourceURL=https:\/\/www.hansemuseum.eu\/wp-includes\/js\/wp-embed.min.js\n\/* ]]> *\/\n<\/script>\n","description":"Im Jahr 1358 erkl\u00e4rten sich erstmals Delegierte aus norddeutschen St\u00e4dten zu \"St\u00e4dten der deutschen Hanse\". In diesem Video spricht Angela \u00fcber das Dokument, das f\u00fcr den Konflikt mit Flandern in der Mitte des 14. Jahrhunderts steht, der eine entscheidende Rolle f\u00fcr die Entwicklung der Hanse spielte."}